{"id":912,"date":"2024-10-04T20:02:26","date_gmt":"2024-10-04T20:02:26","guid":{"rendered":"https:\/\/hematofesti.com\/index.php\/invitados\/maria-solar\/"},"modified":"2024-11-02T18:36:56","modified_gmt":"2024-11-02T17:36:56","slug":"maria-solar","status":"publish","type":"invitados","link":"https:\/\/hematofesti.com\/es\/invitados\/maria-solar\/","title":{"rendered":"Mar\u00eda Solar"},"content":{"rendered":"<p>Mar\u00eda Solar (Santiago de Compostela). Es escritora y periodista. Presenta el programa cultural Zigzag de Televisi\u00f3n de Galicia y coordina los programas culturales de CRTVG, medio en el que ha desarrollado una larga trayectoria period\u00edstica de m\u00e1s de 20 a\u00f1os. Como autora se dirige tanto a p\u00fablico infantojuvenil como a adulto. Escribe originalmente en gallego y su obra se puede leer traducida al castellano y catal\u00e1n, e internacionalmente, en idiomas como italiano, portugu\u00e9s, polaco, chino o filipino. La literatura le ha proporcionado numerosos reconocimientos. \u201cO meu pesadelo favorito\u201d recibi\u00f3 el premio Lazarillo y mejor libro infantil en la I Gala do Libro Galego, entre otros galardones, \u201cOs nenos da var\u00edola\u201d fue elegida mejor obra juvenil en la Gala do libro Galego y llevada al teatro. Algunas de sus obras han entrado en la prestigiosa lista White Ravens con la que la Biblioteca de M\u00fanich elige los mejores libros infantiles del mundo. En 2022 gan\u00f3 el premio Xerais de Novela con \u201cA culpa\u201d<\/p>\n","protected":false},"featured_media":1072,"template":"","class_list":["post-912","invitados","type-invitados","status-publish","has-post-thumbnail","hentry"],"_links":{"self":[{"href":"https:\/\/hematofesti.com\/es\/wp-json\/wp\/v2\/invitados\/912","targetHints":{"allow":["GET"]}}],"collection":[{"href":"https:\/\/hematofesti.com\/es\/wp-json\/wp\/v2\/invitados"}],"about":[{"href":"https:\/\/hematofesti.com\/es\/wp-json\/wp\/v2\/types\/invitados"}],"version-history":[{"count":1,"href":"https:\/\/hematofesti.com\/es\/wp-json\/wp\/v2\/invitados\/912\/revisions"}],"predecessor-version":[{"id":2605,"href":"https:\/\/hematofesti.com\/es\/wp-json\/wp\/v2\/invitados\/912\/revisions\/2605"}],"wp:featuredmedia":[{"embeddable":true,"href":"https:\/\/hematofesti.com\/es\/wp-json\/wp\/v2\/media\/1072"}],"wp:attachment":[{"href":"https:\/\/hematofesti.com\/es\/wp-json\/wp\/v2\/media?parent=912"}],"curies":[{"name":"wp","href":"https:\/\/api.w.org\/{rel}","templated":true}]}}